{"id":8,"date":"2015-05-01T07:30:04","date_gmt":"2015-05-01T05:30:04","guid":{"rendered":"https:\/\/harder-zur-elbbruecke.de\/wordpress\/50-jahre-familie-harder\/"},"modified":"2023-01-18T20:50:50","modified_gmt":"2023-01-18T19:50:50","slug":"50-jahre-familie-harder","status":"publish","type":"page","link":"https:\/\/harder-zur-elbbruecke.de\/wordpress\/50-jahre-familie-harder\/","title":{"rendered":"50 Jahre Familie Harder"},"content":{"rendered":"\n<p><span style=\"font-family: 'Comic Sans MS'; font-size: 12pt;\">Wir laden herzlich ein, das 50-j\u00e4hrige Bestehen unseres Familienbetriebes der Gastst\u00e4tte \u201eZur Elbbr\u00fccke\u201c mit uns am<\/span><\/p>\n\n\n\n<p><span style=\"font-size: 12pt;\"><strong><span style=\"text-decoration: underline;\"><span style=\"font-family: 'Comic Sans MS';\">Mittwoch, dem 01.10.14, ab 17.00 Uhr<\/span><\/span><\/strong><\/span><\/p>\n\n\n\n<p><span style=\"font-family: 'Comic Sans MS'; font-size: 12pt;\">zu feiern. F\u00fcr das leibliche Wohl ist gesorgt.<\/span><\/p>\n\n\n\n<p><span style=\"font-family: 'Comic Sans MS'; font-size: 12pt;\">Wir bitten, von Blumenspenden abzusehen!<br><span style=\"font-family: 'Comic Sans MS'; font-size: 12pt;\">In der Gastst\u00e4tte steht ein Sparschwein.<br>Wir haben vor, uns von dem Geld einen Fahnenmast<br>und die Moorfleeter Flagge zu kaufen.<\/span><br><\/span><\/p>\n\n\n\n<figure class=\"wp-block-image size-full\"><img loading=\"lazy\" decoding=\"async\" width=\"840\" height=\"404\" src=\"https:\/\/harder-zur-elbbruecke.de\/wordpress\/wp-content\/uploads\/2023\/01\/Collage_zum_50.jpg\" alt=\"\" class=\"wp-image-241\" srcset=\"https:\/\/harder-zur-elbbruecke.de\/wordpress\/wp-content\/uploads\/2023\/01\/Collage_zum_50.jpg 840w, https:\/\/harder-zur-elbbruecke.de\/wordpress\/wp-content\/uploads\/2023\/01\/Collage_zum_50-300x144.jpg 300w, https:\/\/harder-zur-elbbruecke.de\/wordpress\/wp-content\/uploads\/2023\/01\/Collage_zum_50-768x369.jpg 768w\" sizes=\"auto, (max-width: 840px) 100vw, 840px\" \/><\/figure>\n","protected":false},"excerpt":{"rendered":"<p>Wir laden herzlich ein, das 50-j\u00e4hrige Bestehen unseres Familienbetriebes der Gastst\u00e4tte \u201eZur Elbbr\u00fccke\u201c mit uns am Mittwoch, dem 01.10.14, ab 17.00 Uhr zu feiern. F\u00fcr das leibliche Wohl ist gesorgt. Wir bitten, von Blumenspenden abzusehen!In der Gastst\u00e4tte steht ein Sparschwein.Wir haben vor, uns von dem Geld einen Fahnenmastund die Moorfleeter [&hellip;]<\/p>\n","protected":false},"author":1,"featured_media":0,"parent":0,"menu_order":10,"comment_status":"closed","ping_status":"closed","template":"","meta":{"pgc_sgb_lightbox_settings":"","footnotes":""},"class_list":["post-8","page","type-page","status-publish","hentry"],"yoast_head":"<!-- This site is optimized with the Yoast SEO plugin v27.5 - https:\/\/yoast.com\/product\/yoast-seo-wordpress\/ -->\n<title>50 Jahre Familie Harder - Harder zur Elbbr\u00fccke<\/title>\n<meta name=\"robots\" content=\"index, follow, max-snippet:-1, max-image-preview:large, max-video-preview:-1\" \/>\n<link rel=\"canonical\" href=\"https:\/\/harder-zur-elbbruecke.de\/wordpress\/50-jahre-familie-harder\/\" \/>\n<meta property=\"og:locale\" content=\"de_DE\" \/>\n<meta property=\"og:type\" content=\"article\" \/>\n<meta property=\"og:title\" content=\"50 Jahre Familie Harder - Harder zur Elbbr\u00fccke\" \/>\n<meta property=\"og:description\" content=\"Wir laden herzlich ein, das 50-j\u00e4hrige Bestehen unseres Familienbetriebes der Gastst\u00e4tte \u201eZur Elbbr\u00fccke\u201c mit uns am Mittwoch, dem 01.10.14, ab 17.00 Uhr zu feiern. F\u00fcr das leibliche Wohl ist gesorgt. Wir bitten, von Blumenspenden abzusehen!In der Gastst\u00e4tte steht ein Sparschwein.Wir haben vor, uns von dem Geld einen Fahnenmastund die Moorfleeter [&hellip;]\" \/>\n<meta property=\"og:url\" content=\"https:\/\/harder-zur-elbbruecke.de\/wordpress\/50-jahre-familie-harder\/\" \/>\n<meta property=\"og:site_name\" content=\"Harder zur Elbbr\u00fccke\" \/>\n<meta property=\"article:modified_time\" content=\"2023-01-18T19:50:50+00:00\" \/>\n<meta property=\"og:image\" content=\"https:\/\/harder-zur-elbbruecke.de\/wordpress\/wp-content\/uploads\/2023\/01\/Collage_zum_50.jpg\" \/>\n<meta name=\"twitter:card\" content=\"summary_large_image\" \/>\n<meta name=\"twitter:label1\" content=\"Gesch\u00e4tzte Lesezeit\" \/>\n\t<meta name=\"twitter:data1\" content=\"1\u00a0Minute\" \/>\n<script type=\"application\/ld+json\" class=\"yoast-schema-graph\">{\"@context\":\"https:\\\/\\\/schema.org\",\"@graph\":[{\"@type\":\"WebPage\",\"@id\":\"https:\\\/\\\/harder-zur-elbbruecke.de\\\/wordpress\\\/50-jahre-familie-harder\\\/\",\"url\":\"https:\\\/\\\/harder-zur-elbbruecke.de\\\/wordpress\\\/50-jahre-familie-harder\\\/\",\"name\":\"50 Jahre Familie Harder - Harder zur Elbbr\u00fccke\",\"isPartOf\":{\"@id\":\"https:\\\/\\\/harder-zur-elbbruecke.de\\\/wordpress\\\/#website\"},\"primaryImageOfPage\":{\"@id\":\"https:\\\/\\\/harder-zur-elbbruecke.de\\\/wordpress\\\/50-jahre-familie-harder\\\/#primaryimage\"},\"image\":{\"@id\":\"https:\\\/\\\/harder-zur-elbbruecke.de\\\/wordpress\\\/50-jahre-familie-harder\\\/#primaryimage\"},\"thumbnailUrl\":\"https:\\\/\\\/harder-zur-elbbruecke.de\\\/wordpress\\\/wp-content\\\/uploads\\\/2023\\\/01\\\/Collage_zum_50.jpg\",\"datePublished\":\"2015-05-01T05:30:04+00:00\",\"dateModified\":\"2023-01-18T19:50:50+00:00\",\"breadcrumb\":{\"@id\":\"https:\\\/\\\/harder-zur-elbbruecke.de\\\/wordpress\\\/50-jahre-familie-harder\\\/#breadcrumb\"},\"inLanguage\":\"de\",\"potentialAction\":[{\"@type\":\"ReadAction\",\"target\":[\"https:\\\/\\\/harder-zur-elbbruecke.de\\\/wordpress\\\/50-jahre-familie-harder\\\/\"]}]},{\"@type\":\"ImageObject\",\"inLanguage\":\"de\",\"@id\":\"https:\\\/\\\/harder-zur-elbbruecke.de\\\/wordpress\\\/50-jahre-familie-harder\\\/#primaryimage\",\"url\":\"https:\\\/\\\/harder-zur-elbbruecke.de\\\/wordpress\\\/wp-content\\\/uploads\\\/2023\\\/01\\\/Collage_zum_50.jpg\",\"contentUrl\":\"https:\\\/\\\/harder-zur-elbbruecke.de\\\/wordpress\\\/wp-content\\\/uploads\\\/2023\\\/01\\\/Collage_zum_50.jpg\",\"width\":840,\"height\":404},{\"@type\":\"BreadcrumbList\",\"@id\":\"https:\\\/\\\/harder-zur-elbbruecke.de\\\/wordpress\\\/50-jahre-familie-harder\\\/#breadcrumb\",\"itemListElement\":[{\"@type\":\"ListItem\",\"position\":1,\"name\":\"Startseite\",\"item\":\"https:\\\/\\\/harder-zur-elbbruecke.de\\\/wordpress\\\/\"},{\"@type\":\"ListItem\",\"position\":2,\"name\":\"50 Jahre Familie Harder\"}]},{\"@type\":\"WebSite\",\"@id\":\"https:\\\/\\\/harder-zur-elbbruecke.de\\\/wordpress\\\/#website\",\"url\":\"https:\\\/\\\/harder-zur-elbbruecke.de\\\/wordpress\\\/\",\"name\":\"Harder zur Elbbr\u00fccke\",\"description\":\"\",\"publisher\":{\"@id\":\"https:\\\/\\\/harder-zur-elbbruecke.de\\\/wordpress\\\/#organization\"},\"potentialAction\":[{\"@type\":\"SearchAction\",\"target\":{\"@type\":\"EntryPoint\",\"urlTemplate\":\"https:\\\/\\\/harder-zur-elbbruecke.de\\\/wordpress\\\/?s={search_term_string}\"},\"query-input\":{\"@type\":\"PropertyValueSpecification\",\"valueRequired\":true,\"valueName\":\"search_term_string\"}}],\"inLanguage\":\"de\"},{\"@type\":\"Organization\",\"@id\":\"https:\\\/\\\/harder-zur-elbbruecke.de\\\/wordpress\\\/#organization\",\"name\":\"Harder zur Elbbr\u00fccke\",\"url\":\"https:\\\/\\\/harder-zur-elbbruecke.de\\\/wordpress\\\/\",\"logo\":{\"@type\":\"ImageObject\",\"inLanguage\":\"de\",\"@id\":\"https:\\\/\\\/harder-zur-elbbruecke.de\\\/wordpress\\\/#\\\/schema\\\/logo\\\/image\\\/\",\"url\":\"https:\\\/\\\/harder-zur-elbbruecke.de\\\/wordpress\\\/wp-content\\\/uploads\\\/2022\\\/12\\\/Logo.png\",\"contentUrl\":\"https:\\\/\\\/harder-zur-elbbruecke.de\\\/wordpress\\\/wp-content\\\/uploads\\\/2022\\\/12\\\/Logo.png\",\"width\":658,\"height\":167,\"caption\":\"Harder zur Elbbr\u00fccke\"},\"image\":{\"@id\":\"https:\\\/\\\/harder-zur-elbbruecke.de\\\/wordpress\\\/#\\\/schema\\\/logo\\\/image\\\/\"}}]}<\/script>\n<!-- \/ Yoast SEO plugin. -->","yoast_head_json":{"title":"50 Jahre Familie Harder - Harder zur Elbbr\u00fccke","robots":{"index":"index","follow":"follow","max-snippet":"max-snippet:-1","max-image-preview":"max-image-preview:large","max-video-preview":"max-video-preview:-1"},"canonical":"https:\/\/harder-zur-elbbruecke.de\/wordpress\/50-jahre-familie-harder\/","og_locale":"de_DE","og_type":"article","og_title":"50 Jahre Familie Harder - Harder zur Elbbr\u00fccke","og_description":"Wir laden herzlich ein, das 50-j\u00e4hrige Bestehen unseres Familienbetriebes der Gastst\u00e4tte \u201eZur Elbbr\u00fccke\u201c mit uns am Mittwoch, dem 01.10.14, ab 17.00 Uhr zu feiern. F\u00fcr das leibliche Wohl ist gesorgt. Wir bitten, von Blumenspenden abzusehen!In der Gastst\u00e4tte steht ein Sparschwein.Wir haben vor, uns von dem Geld einen Fahnenmastund die Moorfleeter [&hellip;]","og_url":"https:\/\/harder-zur-elbbruecke.de\/wordpress\/50-jahre-familie-harder\/","og_site_name":"Harder zur Elbbr\u00fccke","article_modified_time":"2023-01-18T19:50:50+00:00","og_image":[{"url":"https:\/\/harder-zur-elbbruecke.de\/wordpress\/wp-content\/uploads\/2023\/01\/Collage_zum_50.jpg","type":"","width":"","height":""}],"twitter_card":"summary_large_image","twitter_misc":{"Gesch\u00e4tzte Lesezeit":"1\u00a0Minute"},"schema":{"@context":"https:\/\/schema.org","@graph":[{"@type":"WebPage","@id":"https:\/\/harder-zur-elbbruecke.de\/wordpress\/50-jahre-familie-harder\/","url":"https:\/\/harder-zur-elbbruecke.de\/wordpress\/50-jahre-familie-harder\/","name":"50 Jahre Familie Harder - Harder zur Elbbr\u00fccke","isPartOf":{"@id":"https:\/\/harder-zur-elbbruecke.de\/wordpress\/#website"},"primaryImageOfPage":{"@id":"https:\/\/harder-zur-elbbruecke.de\/wordpress\/50-jahre-familie-harder\/#primaryimage"},"image":{"@id":"https:\/\/harder-zur-elbbruecke.de\/wordpress\/50-jahre-familie-harder\/#primaryimage"},"thumbnailUrl":"https:\/\/harder-zur-elbbruecke.de\/wordpress\/wp-content\/uploads\/2023\/01\/Collage_zum_50.jpg","datePublished":"2015-05-01T05:30:04+00:00","dateModified":"2023-01-18T19:50:50+00:00","breadcrumb":{"@id":"https:\/\/harder-zur-elbbruecke.de\/wordpress\/50-jahre-familie-harder\/#breadcrumb"},"inLanguage":"de","potentialAction":[{"@type":"ReadAction","target":["https:\/\/harder-zur-elbbruecke.de\/wordpress\/50-jahre-familie-harder\/"]}]},{"@type":"ImageObject","inLanguage":"de","@id":"https:\/\/harder-zur-elbbruecke.de\/wordpress\/50-jahre-familie-harder\/#primaryimage","url":"https:\/\/harder-zur-elbbruecke.de\/wordpress\/wp-content\/uploads\/2023\/01\/Collage_zum_50.jpg","contentUrl":"https:\/\/harder-zur-elbbruecke.de\/wordpress\/wp-content\/uploads\/2023\/01\/Collage_zum_50.jpg","width":840,"height":404},{"@type":"BreadcrumbList","@id":"https:\/\/harder-zur-elbbruecke.de\/wordpress\/50-jahre-familie-harder\/#breadcrumb","itemListElement":[{"@type":"ListItem","position":1,"name":"Startseite","item":"https:\/\/harder-zur-elbbruecke.de\/wordpress\/"},{"@type":"ListItem","position":2,"name":"50 Jahre Familie Harder"}]},{"@type":"WebSite","@id":"https:\/\/harder-zur-elbbruecke.de\/wordpress\/#website","url":"https:\/\/harder-zur-elbbruecke.de\/wordpress\/","name":"Harder zur Elbbr\u00fccke","description":"","publisher":{"@id":"https:\/\/harder-zur-elbbruecke.de\/wordpress\/#organization"},"potentialAction":[{"@type":"SearchAction","target":{"@type":"EntryPoint","urlTemplate":"https:\/\/harder-zur-elbbruecke.de\/wordpress\/?s={search_term_string}"},"query-input":{"@type":"PropertyValueSpecification","valueRequired":true,"valueName":"search_term_string"}}],"inLanguage":"de"},{"@type":"Organization","@id":"https:\/\/harder-zur-elbbruecke.de\/wordpress\/#organization","name":"Harder zur Elbbr\u00fccke","url":"https:\/\/harder-zur-elbbruecke.de\/wordpress\/","logo":{"@type":"ImageObject","inLanguage":"de","@id":"https:\/\/harder-zur-elbbruecke.de\/wordpress\/#\/schema\/logo\/image\/","url":"https:\/\/harder-zur-elbbruecke.de\/wordpress\/wp-content\/uploads\/2022\/12\/Logo.png","contentUrl":"https:\/\/harder-zur-elbbruecke.de\/wordpress\/wp-content\/uploads\/2022\/12\/Logo.png","width":658,"height":167,"caption":"Harder zur Elbbr\u00fccke"},"image":{"@id":"https:\/\/harder-zur-elbbruecke.de\/wordpress\/#\/schema\/logo\/image\/"}}]}},"_links":{"self":[{"href":"https:\/\/harder-zur-elbbruecke.de\/wordpress\/wp-json\/wp\/v2\/pages\/8","targetHints":{"allow":["GET"]}}],"collection":[{"href":"https:\/\/harder-zur-elbbruecke.de\/wordpress\/wp-json\/wp\/v2\/pages"}],"about":[{"href":"https:\/\/harder-zur-elbbruecke.de\/wordpress\/wp-json\/wp\/v2\/types\/page"}],"author":[{"embeddable":true,"href":"https:\/\/harder-zur-elbbruecke.de\/wordpress\/wp-json\/wp\/v2\/users\/1"}],"replies":[{"embeddable":true,"href":"https:\/\/harder-zur-elbbruecke.de\/wordpress\/wp-json\/wp\/v2\/comments?post=8"}],"version-history":[{"count":3,"href":"https:\/\/harder-zur-elbbruecke.de\/wordpress\/wp-json\/wp\/v2\/pages\/8\/revisions"}],"predecessor-version":[{"id":312,"href":"https:\/\/harder-zur-elbbruecke.de\/wordpress\/wp-json\/wp\/v2\/pages\/8\/revisions\/312"}],"wp:attachment":[{"href":"https:\/\/harder-zur-elbbruecke.de\/wordpress\/wp-json\/wp\/v2\/media?parent=8"}],"curies":[{"name":"wp","href":"https:\/\/api.w.org\/{rel}","templated":true}]}}